{"id":324,"date":"2022-07-25T13:28:00","date_gmt":"2022-07-25T11:28:00","guid":{"rendered":"https:\/\/biohof-apfelbeck.de\/?page_id=324"},"modified":"2024-12-09T20:51:49","modified_gmt":"2024-12-09T19:51:49","slug":"produkte","status":"publish","type":"page","link":"https:\/\/biohof-apfelbeck.de\/?page_id=324","title":{"rendered":"Unsere Produkte aus eigenem Anbau"},"content":{"rendered":"\n<div class=\"wp-block-media-text alignwide has-media-on-the-right is-stacked-on-mobile is-vertically-aligned-center\" style=\"grid-template-columns:auto 17%\"><div class=\"wp-block-media-text__content\">\n<p class=\"has-text-align-right\"><br>Unsere Produkte aus eigenem Anbau sind alle ausnahmslos <em>demeter <\/em>zertifiziert. <br>Wir sind <em>demeter <\/em>Vertragspartner seit 2010. <\/p>\n<\/div><figure class=\"wp-block-media-text__media\"><img loading=\"lazy\" decoding=\"async\" width=\"827\" height=\"381\" src=\"https:\/\/biohof-apfelbeck.de\/wp-content\/uploads\/2022\/09\/Demeter_RGB.png\" alt=\"\" class=\"wp-image-562 size-full\" srcset=\"https:\/\/biohof-apfelbeck.de\/wp-content\/uploads\/2022\/09\/Demeter_RGB.png 827w, https:\/\/biohof-apfelbeck.de\/wp-content\/uploads\/2022\/09\/Demeter_RGB-300x138.png 300w, https:\/\/biohof-apfelbeck.de\/wp-content\/uploads\/2022\/09\/Demeter_RGB-768x354.png 768w, https:\/\/biohof-apfelbeck.de\/wp-content\/uploads\/2022\/09\/Demeter_RGB-230x106.png 230w, https:\/\/biohof-apfelbeck.de\/wp-content\/uploads\/2022\/09\/Demeter_RGB-350x161.png 350w, https:\/\/biohof-apfelbeck.de\/wp-content\/uploads\/2022\/09\/Demeter_RGB-480x221.png 480w\" sizes=\"auto, (max-width: 827px) 100vw, 827px\" \/><\/figure><\/div>\n\n\n\n<div class=\"wp-block-media-text alignwide is-stacked-on-mobile is-image-fill\"><figure class=\"wp-block-media-text__media\" style=\"background-image:url(https:\/\/biohof-apfelbeck.de\/wp-content\/uploads\/2022\/07\/03-2022-0007-1024x683-1.jpg);background-position:50% 50%\"><img loading=\"lazy\" decoding=\"async\" width=\"1024\" height=\"683\" src=\"https:\/\/biohof-apfelbeck.de\/wp-content\/uploads\/2022\/07\/03-2022-0007-1024x683-1.jpg\" alt=\"\" class=\"wp-image-302 size-full\" srcset=\"https:\/\/biohof-apfelbeck.de\/wp-content\/uploads\/2022\/07\/03-2022-0007-1024x683-1.jpg 1024w, https:\/\/biohof-apfelbeck.de\/wp-content\/uploads\/2022\/07\/03-2022-0007-1024x683-1-300x200.jpg 300w, https:\/\/biohof-apfelbeck.de\/wp-content\/uploads\/2022\/07\/03-2022-0007-1024x683-1-768x512.jpg 768w, https:\/\/biohof-apfelbeck.de\/wp-content\/uploads\/2022\/07\/03-2022-0007-1024x683-1-920x614.jpg 920w, https:\/\/biohof-apfelbeck.de\/wp-content\/uploads\/2022\/07\/03-2022-0007-1024x683-1-230x153.jpg 230w, https:\/\/biohof-apfelbeck.de\/wp-content\/uploads\/2022\/07\/03-2022-0007-1024x683-1-350x233.jpg 350w, https:\/\/biohof-apfelbeck.de\/wp-content\/uploads\/2022\/07\/03-2022-0007-1024x683-1-480x320.jpg 480w\" sizes=\"auto, (max-width: 1024px) 100vw, 1024px\" \/><\/figure><div class=\"wp-block-media-text__content\">\n<h2 class=\"wp-block-heading has-large-font-size\">Kartoffeln<\/h2>\n\n\n\n<p class=\"has-text-align-left\">Wir bieten nahezu das gesamte Jahr Kartoffeln aus dem eigenen Anbau an. Fr\u00fchkartoffeln gibt es meist ab Anfang Juli, gefolgt von den Lagerkartoffeln ab August.<\/p>\n\n\n\n<p class=\"has-text-align-left\">Wir bieten dabei eine breite Sortenvielfalt an fest-, mehlig- und vorwiegend festkochenden Kartoffeln an. Au\u00dferdem gibt es Spezialit\u00e4ten an bunten Kartoffeln und alten Sorten.<\/p>\n<\/div><\/div>\n\n\n\n<div class=\"wp-block-media-text alignwide has-media-on-the-right is-stacked-on-mobile is-vertically-aligned-top\" style=\"grid-template-columns:auto 49%\"><div class=\"wp-block-media-text__content\">\n<h2 class=\"wp-block-heading has-large-font-size\">Zwiebeln<\/h2>\n\n\n\n<p class=\"has-text-align-left\">Wir bauen sowohl rote, als auch gelbe Zwiebeln und Schalotten an. <\/p>\n<\/div><figure class=\"wp-block-media-text__media\"><img loading=\"lazy\" decoding=\"async\" width=\"1024\" height=\"683\" src=\"https:\/\/biohof-apfelbeck.de\/wp-content\/uploads\/2022\/07\/03-2022-0012-1024x683.jpg\" alt=\"\" class=\"wp-image-278 size-full\" srcset=\"https:\/\/biohof-apfelbeck.de\/wp-content\/uploads\/2022\/07\/03-2022-0012-1024x683.jpg 1024w, https:\/\/biohof-apfelbeck.de\/wp-content\/uploads\/2022\/07\/03-2022-0012-300x200.jpg 300w, https:\/\/biohof-apfelbeck.de\/wp-content\/uploads\/2022\/07\/03-2022-0012-768x512.jpg 768w, https:\/\/biohof-apfelbeck.de\/wp-content\/uploads\/2022\/07\/03-2022-0012-1536x1024.jpg 1536w, https:\/\/biohof-apfelbeck.de\/wp-content\/uploads\/2022\/07\/03-2022-0012-2048x1365.jpg 2048w, https:\/\/biohof-apfelbeck.de\/wp-content\/uploads\/2022\/07\/03-2022-0012-920x613.jpg 920w, https:\/\/biohof-apfelbeck.de\/wp-content\/uploads\/2022\/07\/03-2022-0012-230x153.jpg 230w, https:\/\/biohof-apfelbeck.de\/wp-content\/uploads\/2022\/07\/03-2022-0012-350x233.jpg 350w, https:\/\/biohof-apfelbeck.de\/wp-content\/uploads\/2022\/07\/03-2022-0012-480x320.jpg 480w\" sizes=\"auto, (max-width: 1024px) 100vw, 1024px\" \/><\/figure><\/div>\n\n\n\n<div class=\"wp-block-media-text alignwide is-stacked-on-mobile is-vertically-aligned-top\" style=\"grid-template-columns:31% auto\"><figure class=\"wp-block-media-text__media\"><img loading=\"lazy\" decoding=\"async\" width=\"683\" height=\"1024\" src=\"https:\/\/biohof-apfelbeck.de\/wp-content\/uploads\/2022\/07\/03-2022-0017-683x1024.jpg\" alt=\"\" class=\"wp-image-279 size-full\" srcset=\"https:\/\/biohof-apfelbeck.de\/wp-content\/uploads\/2022\/07\/03-2022-0017-683x1024.jpg 683w, https:\/\/biohof-apfelbeck.de\/wp-content\/uploads\/2022\/07\/03-2022-0017-200x300.jpg 200w, https:\/\/biohof-apfelbeck.de\/wp-content\/uploads\/2022\/07\/03-2022-0017-768x1152.jpg 768w, https:\/\/biohof-apfelbeck.de\/wp-content\/uploads\/2022\/07\/03-2022-0017-1024x1536.jpg 1024w, https:\/\/biohof-apfelbeck.de\/wp-content\/uploads\/2022\/07\/03-2022-0017-1365x2048.jpg 1365w, https:\/\/biohof-apfelbeck.de\/wp-content\/uploads\/2022\/07\/03-2022-0017-920x1380.jpg 920w, https:\/\/biohof-apfelbeck.de\/wp-content\/uploads\/2022\/07\/03-2022-0017-230x345.jpg 230w, https:\/\/biohof-apfelbeck.de\/wp-content\/uploads\/2022\/07\/03-2022-0017-350x525.jpg 350w, https:\/\/biohof-apfelbeck.de\/wp-content\/uploads\/2022\/07\/03-2022-0017-480x720.jpg 480w, https:\/\/biohof-apfelbeck.de\/wp-content\/uploads\/2022\/07\/03-2022-0017-scaled.jpg 1707w\" sizes=\"auto, (max-width: 683px) 100vw, 683px\" \/><\/figure><div class=\"wp-block-media-text__content\">\n<h2 class=\"wp-block-heading has-large-font-size\">(Ur-) Getreide<\/h2>\n\n\n\n<p class=\"has-text-align-left\">Neben Lichtkornroggen, Nackthafer und Weizen erhalten Sie bei uns auch verschiedenes Urgetreide &#8211; Einkorn, Emmer,&nbsp;Dinkel &#8222;Oberkulmer Rotkorn&#8220;.<\/p>\n\n\n\n<p class=\"has-text-align-left\">Eine weitere &#8220;Perle&#8220; unserer Produktpalette ist das Perlgetreide aus Emmer, Einkorn und Dinkel der Sorte &#8220;Oberkulmer Rotkorn&#8220;. Die geschliffenen und polierten Getreidek\u00f6rner k\u00f6nnen dann sowohl als schmackhafte S\u00e4ttigungsbeilage, als auch wunderbar f\u00fcr Salate und weitere Gerichte verwendet werden.<\/p>\n\n\n\n<p class=\"has-text-align-left\">Fragen Sie bei Ihrem n\u00e4chsten Einkauf nach weiteren Zubereitungstipps!&nbsp;<\/p>\n<\/div><\/div>\n\n\n\n<div class=\"wp-block-media-text alignwide is-stacked-on-mobile is-vertically-aligned-top is-image-fill\" style=\"grid-template-columns:31% auto\"><figure class=\"wp-block-media-text__media\" style=\"background-image:url(https:\/\/biohof-apfelbeck.de\/wp-content\/uploads\/2022\/07\/03-2022-0027-1024x683.jpg);background-position:50% 50%\"><img loading=\"lazy\" decoding=\"async\" width=\"1024\" height=\"683\" src=\"https:\/\/biohof-apfelbeck.de\/wp-content\/uploads\/2022\/07\/03-2022-0027-1024x683.jpg\" alt=\"\" class=\"wp-image-280 size-full\" srcset=\"https:\/\/biohof-apfelbeck.de\/wp-content\/uploads\/2022\/07\/03-2022-0027-1024x683.jpg 1024w, https:\/\/biohof-apfelbeck.de\/wp-content\/uploads\/2022\/07\/03-2022-0027-300x200.jpg 300w, https:\/\/biohof-apfelbeck.de\/wp-content\/uploads\/2022\/07\/03-2022-0027-768x512.jpg 768w, https:\/\/biohof-apfelbeck.de\/wp-content\/uploads\/2022\/07\/03-2022-0027-1536x1024.jpg 1536w, https:\/\/biohof-apfelbeck.de\/wp-content\/uploads\/2022\/07\/03-2022-0027-2048x1366.jpg 2048w, https:\/\/biohof-apfelbeck.de\/wp-content\/uploads\/2022\/07\/03-2022-0027-920x613.jpg 920w, https:\/\/biohof-apfelbeck.de\/wp-content\/uploads\/2022\/07\/03-2022-0027-230x153.jpg 230w, https:\/\/biohof-apfelbeck.de\/wp-content\/uploads\/2022\/07\/03-2022-0027-350x233.jpg 350w, https:\/\/biohof-apfelbeck.de\/wp-content\/uploads\/2022\/07\/03-2022-0027-480x320.jpg 480w\" sizes=\"auto, (max-width: 1024px) 100vw, 1024px\" \/><\/figure><div class=\"wp-block-media-text__content\">\n<p class=\"has-text-align-left\">Vollkornmehl, Grie\u00df oder Schrot mahlen wir auf Wunsch in unserer kleinen Getreidem\u00fchle frisch f\u00fcr Sie vor Ort.<\/p>\n\n\n\n<p class=\"has-text-align-left\">Auszugsmehle beziehen wir \u00fcber unsere kleine Vermarktungsgesellschaft <em>demeter Getreide Chiemgau GmbH<\/em>. <\/p>\n\n\n\n<p class=\"has-text-align-left\">Sie erhalten bei uns Dinkelmehl Typ 812, Weizenmehl Typ 550 und 1050, sowie Roggenmehl Typ 1150.<\/p>\n\n\n\n<p class=\"has-text-align-left\">Besonders beliebt sind auch die Vollkorn-Haferflocken oder sonstige Getreideflocken, welche wir nach Bedarf herstellen.\u00a0<\/p>\n<\/div><\/div>\n\n\n\n<div class=\"wp-block-media-text alignwide has-media-on-the-right is-stacked-on-mobile\"><div class=\"wp-block-media-text__content\">\n<h2 class=\"wp-block-heading has-large-font-size\">Gem\u00fcse<\/h2>\n\n\n\n<p class=\"has-text-align-left\">Einen Teil des im Hofladen verkauften Gem\u00fcse bauen wir selbst in unserem kleinen Folientunnel und auf unserer Freifl\u00e4che an. Je nach Saison haben wir auch Jungpflanzen im Angebot. <\/p>\n<\/div><figure class=\"wp-block-media-text__media\"><img loading=\"lazy\" decoding=\"async\" width=\"1024\" height=\"576\" src=\"https:\/\/biohof-apfelbeck.de\/wp-content\/uploads\/2023\/05\/IMG_6534-1024x576.jpg\" alt=\"\" class=\"wp-image-747 size-full\" srcset=\"https:\/\/biohof-apfelbeck.de\/wp-content\/uploads\/2023\/05\/IMG_6534-1024x576.jpg 1024w, https:\/\/biohof-apfelbeck.de\/wp-content\/uploads\/2023\/05\/IMG_6534-300x169.jpg 300w, https:\/\/biohof-apfelbeck.de\/wp-content\/uploads\/2023\/05\/IMG_6534-768x432.jpg 768w, https:\/\/biohof-apfelbeck.de\/wp-content\/uploads\/2023\/05\/IMG_6534-1536x864.jpg 1536w, https:\/\/biohof-apfelbeck.de\/wp-content\/uploads\/2023\/05\/IMG_6534-2048x1152.jpg 2048w, https:\/\/biohof-apfelbeck.de\/wp-content\/uploads\/2023\/05\/IMG_6534-1000x563.jpg 1000w, https:\/\/biohof-apfelbeck.de\/wp-content\/uploads\/2023\/05\/IMG_6534-230x129.jpg 230w, https:\/\/biohof-apfelbeck.de\/wp-content\/uploads\/2023\/05\/IMG_6534-350x197.jpg 350w, https:\/\/biohof-apfelbeck.de\/wp-content\/uploads\/2023\/05\/IMG_6534-480x270.jpg 480w\" sizes=\"auto, (max-width: 1024px) 100vw, 1024px\" \/><\/figure><\/div>\n\n\n\n<p><\/p>\n","protected":false},"excerpt":{"rendered":"<p>Unsere Produkte aus eigenem Anbau sind alle ausnahmslos demeter zertifiziert. Wir sind demeter Vertragspartner seit 2010. Kartoffeln Wir bieten nahezu das gesamte [&hellip;]<\/p>\n","protected":false},"author":4,"featured_media":0,"parent":0,"menu_order":0,"comment_status":"closed","ping_status":"closed","template":"page-templates\/page_fullwidth.php","meta":{"footnotes":""},"class_list":["post-324","page","type-page","status-publish","hentry"],"_links":{"self":[{"href":"https:\/\/biohof-apfelbeck.de\/index.php?rest_route=\/wp\/v2\/pages\/324","targetHints":{"allow":["GET"]}}],"collection":[{"href":"https:\/\/biohof-apfelbeck.de\/index.php?rest_route=\/wp\/v2\/pages"}],"about":[{"href":"https:\/\/biohof-apfelbeck.de\/index.php?rest_route=\/wp\/v2\/types\/page"}],"author":[{"embeddable":true,"href":"https:\/\/biohof-apfelbeck.de\/index.php?rest_route=\/wp\/v2\/users\/4"}],"replies":[{"embeddable":true,"href":"https:\/\/biohof-apfelbeck.de\/index.php?rest_route=%2Fwp%2Fv2%2Fcomments&post=324"}],"version-history":[{"count":41,"href":"https:\/\/biohof-apfelbeck.de\/index.php?rest_route=\/wp\/v2\/pages\/324\/revisions"}],"predecessor-version":[{"id":875,"href":"https:\/\/biohof-apfelbeck.de\/index.php?rest_route=\/wp\/v2\/pages\/324\/revisions\/875"}],"wp:attachment":[{"href":"https:\/\/biohof-apfelbeck.de\/index.php?rest_route=%2Fwp%2Fv2%2Fmedia&parent=324"}],"curies":[{"name":"wp","href":"https:\/\/api.w.org\/{rel}","templated":true}]}}